{"id":1557,"date":"2025-08-21T16:24:22","date_gmt":"2025-08-21T16:24:22","guid":{"rendered":"https:\/\/lacumbreglobaldeliderazgo.org\/?page_id=1557"},"modified":"2025-08-21T18:52:30","modified_gmt":"2025-08-21T18:52:30","slug":"gabriel-salguero","status":"publish","type":"page","link":"https:\/\/lacumbreglobaldeliderazgo.org\/?page_id=1557","title":{"rendered":"GABRIEL SALGUERO"},"content":{"rendered":"\t\t<div data-elementor-type=\"wp-page\" data-elementor-id=\"1557\" class=\"elementor elementor-1557\">\n\t\t\t\t<div class=\"elementor-element elementor-element-4ea7060 elementor-hidden-tablet elementor-hidden-mobile e-flex e-con-boxed e-con e-parent\" data-id=\"4ea7060\" data-element_type=\"container\" data-e-type=\"container\">\n\t\t\t\t\t<div class=\"e-con-inner\">\n\t\t<div class=\"elementor-element elementor-element-14fae3e e-con-full e-flex e-con e-child\" data-id=\"14fae3e\" data-element_type=\"container\" data-e-type=\"container\">\n\t\t\t\t<div class=\"elementor-element elementor-element-1370349 elementor-widget elementor-widget-heading\" data-id=\"1370349\" data-element_type=\"widget\" data-e-type=\"widget\" data-widget_type=\"heading.default\">\n\t\t\t\t<div class=\"elementor-widget-container\">\n\t\t\t\t\t<h2 class=\"elementor-heading-title elementor-size-default\">GABRIEL SALGUERO\n<\/h2>\t\t\t\t<\/div>\n\t\t\t\t<\/div>\n\t\t\t\t<div class=\"elementor-element elementor-element-5e2002b elementor-widget elementor-widget-heading\" data-id=\"5e2002b\" data-element_type=\"widget\" data-e-type=\"widget\" data-widget_type=\"heading.default\">\n\t\t\t\t<div class=\"elementor-widget-container\">\n\t\t\t\t\t<h2 class=\"elementor-heading-title elementor-size-default\">PASTOR, The Gathering Place; PRESIDENTE, Coalici\u00f3n Evang\u00e9lica\nLatina Nacional<\/h2>\t\t\t\t<\/div>\n\t\t\t\t<\/div>\n\t\t\t\t<div class=\"elementor-element elementor-element-d19f5d3 elementor-widget elementor-widget-heading\" data-id=\"d19f5d3\" data-element_type=\"widget\" data-e-type=\"widget\" data-widget_type=\"heading.default\">\n\t\t\t\t<div class=\"elementor-widget-container\">\n\t\t\t\t\t<h2 class=\"elementor-heading-title elementor-size-default\">El reverendo Gabriel Salguero es pastor de The Gathering Place, una congregaci\u00f3n\nmulti\u00e9tnica de las Asambleas de Dios en Orlando, Florida. Tambi\u00e9n es presidente y\nfundador de la Coalici\u00f3n Evang\u00e9lica Latina Nacional, una red que re\u00fane a varios miles de\ncongregaciones evang\u00e9licas en Estados Unidos. Ha sido parte del Consejo Asesor de Organizaciones Religiosas de\nla Casa Blanca, y ha sido reconocido como uno de los l\u00edderes evang\u00e9licos latinos m\u00e1s influyentes en EE. UU. por\nmedios como el New York Times, CNN Espa\u00f1ol y NBC Universal. Su trabajo en temas como la educaci\u00f3n de j\u00f3venes\nvarones y la reforma de la justicia penal ha sido destacado por Discovery Channel y Oprah Winfrey Network.<\/h2>\t\t\t\t<\/div>\n\t\t\t\t<\/div>\n\t\t\t\t<\/div>\n\t\t<div class=\"elementor-element elementor-element-9d25b02 e-con-full e-flex e-con e-child\" data-id=\"9d25b02\" data-element_type=\"container\" data-e-type=\"container\" data-settings=\"{&quot;background_background&quot;:&quot;classic&quot;}\">\n\t\t\t\t<div class=\"elementor-element elementor-element-dcca012 elementor-widget elementor-widget-image\" data-id=\"dcca012\" data-element_type=\"widget\" data-e-type=\"widget\" data-widget_type=\"image.default\">\n\t\t\t\t<div class=\"elementor-widget-container\">\n\t\t\t\t\t\t\t\t\t\t\t\t\t\t\t<img fetchpriority=\"high\" decoding=\"async\" width=\"768\" height=\"768\" src=\"https:\/\/lacumbreglobaldeliderazgo.org\/wp-content\/uploads\/2025\/08\/medium-GLS25_Headshot_Gabriel_Salguero_Black.jpg\" class=\"attachment-large size-large wp-image-1556\" alt=\"\" srcset=\"https:\/\/lacumbreglobaldeliderazgo.org\/wp-content\/uploads\/2025\/08\/medium-GLS25_Headshot_Gabriel_Salguero_Black.jpg 768w, https:\/\/lacumbreglobaldeliderazgo.org\/wp-content\/uploads\/2025\/08\/medium-GLS25_Headshot_Gabriel_Salguero_Black-300x300.jpg 300w, https:\/\/lacumbreglobaldeliderazgo.org\/wp-content\/uploads\/2025\/08\/medium-GLS25_Headshot_Gabriel_Salguero_Black-150x150.jpg 150w\" sizes=\"(max-width: 768px) 100vw, 768px\" \/>\t\t\t\t\t\t\t\t\t\t\t\t\t\t\t<\/div>\n\t\t\t\t<\/div>\n\t\t\t\t<\/div>\n\t\t\t\t\t<\/div>\n\t\t\t\t<\/div>\n\t\t<div class=\"elementor-element elementor-element-62cee38 elementor-hidden-desktop elementor-hidden-tablet e-flex e-con-boxed e-con e-parent\" data-id=\"62cee38\" data-element_type=\"container\" data-e-type=\"container\">\n\t\t\t\t\t<div class=\"e-con-inner\">\n\t\t<div class=\"elementor-element elementor-element-f48af44 e-con-full e-flex e-con e-child\" data-id=\"f48af44\" data-element_type=\"container\" data-e-type=\"container\">\n\t\t\t\t<div class=\"elementor-element elementor-element-38766d5 elementor-widget elementor-widget-heading\" data-id=\"38766d5\" data-element_type=\"widget\" data-e-type=\"widget\" data-widget_type=\"heading.default\">\n\t\t\t\t<div class=\"elementor-widget-container\">\n\t\t\t\t\t<h2 class=\"elementor-heading-title elementor-size-default\">GABRIEL SALGUERO\n<\/h2>\t\t\t\t<\/div>\n\t\t\t\t<\/div>\n\t\t\t\t<div class=\"elementor-element elementor-element-1ee347a elementor-widget elementor-widget-heading\" data-id=\"1ee347a\" data-element_type=\"widget\" data-e-type=\"widget\" data-widget_type=\"heading.default\">\n\t\t\t\t<div class=\"elementor-widget-container\">\n\t\t\t\t\t<h2 class=\"elementor-heading-title elementor-size-default\">PASTOR, The Gathering Place; PRESIDENTE, Coalici\u00f3n Evang\u00e9lica\nLatina Nacional<\/h2>\t\t\t\t<\/div>\n\t\t\t\t<\/div>\n\t\t\t\t<div class=\"elementor-element elementor-element-8ac3b55 elementor-widget elementor-widget-heading\" data-id=\"8ac3b55\" data-element_type=\"widget\" data-e-type=\"widget\" data-widget_type=\"heading.default\">\n\t\t\t\t<div class=\"elementor-widget-container\">\n\t\t\t\t\t<h2 class=\"elementor-heading-title elementor-size-default\">El reverendo Gabriel Salguero es pastor de The Gathering Place, una congregaci\u00f3n\nmulti\u00e9tnica de las Asambleas de Dios en Orlando, Florida. Tambi\u00e9n es presidente y\nfundador de la Coalici\u00f3n Evang\u00e9lica Latina Nacional, una red que re\u00fane a varios miles de\ncongregaciones evang\u00e9licas en Estados Unidos. Ha sido parte del Consejo Asesor de Organizaciones Religiosas de\nla Casa Blanca, y ha sido reconocido como uno de los l\u00edderes evang\u00e9licos latinos m\u00e1s influyentes en EE. UU. por\nmedios como el New York Times, CNN Espa\u00f1ol y NBC Universal. Su trabajo en temas como la educaci\u00f3n de j\u00f3venes\nvarones y la reforma de la justicia penal ha sido destacado por Discovery Channel y Oprah Winfrey Network.<\/h2>\t\t\t\t<\/div>\n\t\t\t\t<\/div>\n\t\t\t\t<\/div>\n\t\t<div class=\"elementor-element elementor-element-7af549d e-con-full e-flex e-con e-child\" data-id=\"7af549d\" data-element_type=\"container\" data-e-type=\"container\" data-settings=\"{&quot;background_background&quot;:&quot;classic&quot;}\">\n\t\t\t\t<div class=\"elementor-element elementor-element-cdae707 elementor-widget elementor-widget-image\" data-id=\"cdae707\" data-element_type=\"widget\" data-e-type=\"widget\" data-widget_type=\"image.default\">\n\t\t\t\t<div class=\"elementor-widget-container\">\n\t\t\t\t\t\t\t\t\t\t\t\t\t\t\t<img fetchpriority=\"high\" decoding=\"async\" width=\"768\" height=\"768\" src=\"https:\/\/lacumbreglobaldeliderazgo.org\/wp-content\/uploads\/2025\/08\/medium-GLS25_Headshot_Gabriel_Salguero_Black.jpg\" class=\"attachment-large size-large wp-image-1556\" alt=\"\" srcset=\"https:\/\/lacumbreglobaldeliderazgo.org\/wp-content\/uploads\/2025\/08\/medium-GLS25_Headshot_Gabriel_Salguero_Black.jpg 768w, https:\/\/lacumbreglobaldeliderazgo.org\/wp-content\/uploads\/2025\/08\/medium-GLS25_Headshot_Gabriel_Salguero_Black-300x300.jpg 300w, https:\/\/lacumbreglobaldeliderazgo.org\/wp-content\/uploads\/2025\/08\/medium-GLS25_Headshot_Gabriel_Salguero_Black-150x150.jpg 150w\" sizes=\"(max-width: 768px) 100vw, 768px\" \/>\t\t\t\t\t\t\t\t\t\t\t\t\t\t\t<\/div>\n\t\t\t\t<\/div>\n\t\t\t\t<\/div>\n\t\t\t\t\t<\/div>\n\t\t\t\t<\/div>\n\t\t<div class=\"elementor-element elementor-element-2d6e4c9 elementor-hidden-tablet elementor-hidden-mobile e-flex e-con-boxed e-con e-parent\" data-id=\"2d6e4c9\" data-element_type=\"container\" data-e-type=\"container\" data-settings=\"{&quot;background_background&quot;:&quot;classic&quot;}\">\n\t\t\t\t\t<div class=\"e-con-inner\">\n\t\t\t\t<div class=\"elementor-element elementor-element-419626d elementor-widget elementor-widget-heading\" data-id=\"419626d\" data-element_type=\"widget\" data-e-type=\"widget\" data-widget_type=\"heading.default\">\n\t\t\t\t<div class=\"elementor-widget-container\">\n\t\t\t\t\t<h2 class=\"elementor-heading-title elementor-size-default\">CHARLA DE GABRIEL: <br>VIVIENDO ENTRE IDENTIDADES\n<\/h2>\t\t\t\t<\/div>\n\t\t\t\t<\/div>\n\t\t\t\t<div class=\"elementor-element elementor-element-204eba9 elementor-widget elementor-widget-heading\" data-id=\"204eba9\" data-element_type=\"widget\" data-e-type=\"widget\" data-widget_type=\"heading.default\">\n\t\t\t\t<div class=\"elementor-widget-container\">\n\t\t\t\t\t<h2 class=\"elementor-heading-title elementor-size-default\">El l\u00edder del futuro va a necesitar algo m\u00e1s que habilidades t\u00e9cnicas: tendr\u00e1 que aprender a conciliar\nperspectivas distintas y hasta contradictorias, tanto dentro de s\u00ed mismo como en sus equipos. Eso va\na requerir un enfoque que honre la complejidad, en lugar de buscar atajos simplistas. Acompa\u00f1a a\nGabriel Salguero, quien con sabidur\u00eda y calidez, te reta a ser un constructor de puentes que transforma\nlas diferencias de una barrera en una fuente de fortaleza. Aprende a ver la diversidad cultural y de ideas\ncomo una ventaja real de liderazgo. Saldr\u00e1s con herramientas pr\u00e1cticas para: Fomentar conexiones m\u00e1s\nprofundas, derribar barreras internas, y liderar con m\u00e1s empat\u00eda e impacto.<\/h2>\t\t\t\t<\/div>\n\t\t\t\t<\/div>\n\t\t\t\t\t<\/div>\n\t\t\t\t<\/div>\n\t\t<div class=\"elementor-element elementor-element-86bc48c elementor-hidden-desktop elementor-hidden-tablet e-flex e-con-boxed e-con e-parent\" data-id=\"86bc48c\" data-element_type=\"container\" data-e-type=\"container\" data-settings=\"{&quot;background_background&quot;:&quot;classic&quot;}\">\n\t\t\t\t\t<div class=\"e-con-inner\">\n\t\t\t\t<div class=\"elementor-element elementor-element-377b1f9 elementor-widget elementor-widget-heading\" data-id=\"377b1f9\" data-element_type=\"widget\" data-e-type=\"widget\" data-widget_type=\"heading.default\">\n\t\t\t\t<div class=\"elementor-widget-container\">\n\t\t\t\t\t<h2 class=\"elementor-heading-title elementor-size-default\">CHARLA DE GABRIEL: <br>VIVIENDO ENTRE IDENTIDADES\n<\/h2>\t\t\t\t<\/div>\n\t\t\t\t<\/div>\n\t\t\t\t<div class=\"elementor-element elementor-element-f6a6108 elementor-widget elementor-widget-heading\" data-id=\"f6a6108\" data-element_type=\"widget\" data-e-type=\"widget\" data-widget_type=\"heading.default\">\n\t\t\t\t<div class=\"elementor-widget-container\">\n\t\t\t\t\t<h2 class=\"elementor-heading-title elementor-size-default\">El l\u00edder del futuro va a necesitar algo m\u00e1s que habilidades t\u00e9cnicas: tendr\u00e1 que aprender a conciliar\nperspectivas distintas y hasta contradictorias, tanto dentro de s\u00ed mismo como en sus equipos. Eso va\na requerir un enfoque que honre la complejidad, en lugar de buscar atajos simplistas. Acompa\u00f1a a\nGabriel Salguero, quien con sabidur\u00eda y calidez, te reta a ser un constructor de puentes que transforma\nlas diferencias de una barrera en una fuente de fortaleza. Aprende a ver la diversidad cultural y de ideas\ncomo una ventaja real de liderazgo. Saldr\u00e1s con herramientas pr\u00e1cticas para: Fomentar conexiones m\u00e1s\nprofundas, derribar barreras internas, y liderar con m\u00e1s empat\u00eda e impacto.<\/h2>\t\t\t\t<\/div>\n\t\t\t\t<\/div>\n\t\t\t\t\t<\/div>\n\t\t\t\t<\/div>\n\t\t<div class=\"elementor-element elementor-element-d88a004 e-flex e-con-boxed e-con e-parent\" data-id=\"d88a004\" data-element_type=\"container\" data-e-type=\"container\">\n\t\t\t\t\t<div class=\"e-con-inner\">\n\t\t\t\t<div class=\"elementor-element elementor-element-f1cdd49 elementor-align-center elementor-invisible elementor-widget elementor-widget-button\" data-id=\"f1cdd49\" data-element_type=\"widget\" data-e-type=\"widget\" data-settings=\"{&quot;_animation&quot;:&quot;slideInUp&quot;}\" data-widget_type=\"button.default\">\n\t\t\t\t<div class=\"elementor-widget-container\">\n\t\t\t\t\t\t\t\t\t<div class=\"elementor-button-wrapper\">\n\t\t\t\t\t<a class=\"elementor-button elementor-button-link elementor-size-sm\" href=\"https:\/\/lacumbreglobaldeliderazgo.org\/?page_id=616\">\n\t\t\t\t\t\t<span class=\"elementor-button-content-wrapper\">\n\t\t\t\t\t\t\t\t\t<span class=\"elementor-button-text\">Volver oradores<\/span>\n\t\t\t\t\t<\/span>\n\t\t\t\t\t<\/a>\n\t\t\t\t<\/div>\n\t\t\t\t\t\t\t\t<\/div>\n\t\t\t\t<\/div>\n\t\t\t\t\t<\/div>\n\t\t\t\t<\/div>\n\t\t\t\t<\/div>\n\t\t","protected":false},"excerpt":{"rendered":"<p>GABRIEL SALGUERO PASTOR, The Gathering Place; PRESIDENTE, Coalici\u00f3n Evang\u00e9lica Latina Nacional El reverendo Gabriel Salguero es pastor de The Gathering Place, una congregaci\u00f3n multi\u00e9tnica de las Asambleas de Dios en Orlando, Florida. Tambi\u00e9n es presidente y fundador de la Coalici\u00f3n Evang\u00e9lica Latina Nacional, una red que re\u00fane a varios miles de congregaciones evang\u00e9licas en Estados [&hellip;]<\/p>\n","protected":false},"author":1,"featured_media":0,"parent":0,"menu_order":0,"comment_status":"closed","ping_status":"closed","template":"elementor_header_footer","meta":{"om_disable_all_campaigns":false,"_monsterinsights_skip_tracking":false,"_monsterinsights_sitenote_active":false,"_monsterinsights_sitenote_note":"","_monsterinsights_sitenote_category":0,"footnotes":""},"class_list":["post-1557","page","type-page","status-publish","hentry"],"aioseo_notices":[],"_links":{"self":[{"href":"https:\/\/lacumbreglobaldeliderazgo.org\/index.php?rest_route=\/wp\/v2\/pages\/1557","targetHints":{"allow":["GET"]}}],"collection":[{"href":"https:\/\/lacumbreglobaldeliderazgo.org\/index.php?rest_route=\/wp\/v2\/pages"}],"about":[{"href":"https:\/\/lacumbreglobaldeliderazgo.org\/index.php?rest_route=\/wp\/v2\/types\/page"}],"author":[{"embeddable":true,"href":"https:\/\/lacumbreglobaldeliderazgo.org\/index.php?rest_route=\/wp\/v2\/users\/1"}],"replies":[{"embeddable":true,"href":"https:\/\/lacumbreglobaldeliderazgo.org\/index.php?rest_route=%2Fwp%2Fv2%2Fcomments&post=1557"}],"version-history":[{"count":7,"href":"https:\/\/lacumbreglobaldeliderazgo.org\/index.php?rest_route=\/wp\/v2\/pages\/1557\/revisions"}],"predecessor-version":[{"id":1731,"href":"https:\/\/lacumbreglobaldeliderazgo.org\/index.php?rest_route=\/wp\/v2\/pages\/1557\/revisions\/1731"}],"wp:attachment":[{"href":"https:\/\/lacumbreglobaldeliderazgo.org\/index.php?rest_route=%2Fwp%2Fv2%2Fmedia&parent=1557"}],"curies":[{"name":"wp","href":"https:\/\/api.w.org\/{rel}","templated":true}]}}