{"id":1582,"date":"2025-08-21T16:34:08","date_gmt":"2025-08-21T16:34:08","guid":{"rendered":"https:\/\/lacumbreglobaldeliderazgo.org\/?page_id=1582"},"modified":"2025-08-21T18:55:19","modified_gmt":"2025-08-21T18:55:19","slug":"david-ashcraft","status":"publish","type":"page","link":"https:\/\/lacumbreglobaldeliderazgo.org\/?page_id=1582","title":{"rendered":"DAVID ASHCRAFT"},"content":{"rendered":"\t\t<div data-elementor-type=\"wp-page\" data-elementor-id=\"1582\" class=\"elementor elementor-1582\">\n\t\t\t\t<div class=\"elementor-element elementor-element-cf97517 elementor-hidden-tablet elementor-hidden-mobile e-flex e-con-boxed e-con e-parent\" data-id=\"cf97517\" data-element_type=\"container\" data-e-type=\"container\">\n\t\t\t\t\t<div class=\"e-con-inner\">\n\t\t<div class=\"elementor-element elementor-element-e901d24 e-con-full e-flex e-con e-child\" data-id=\"e901d24\" data-element_type=\"container\" data-e-type=\"container\">\n\t\t\t\t<div class=\"elementor-element elementor-element-950b096 elementor-widget elementor-widget-heading\" data-id=\"950b096\" data-element_type=\"widget\" data-e-type=\"widget\" data-widget_type=\"heading.default\">\n\t\t\t\t<div class=\"elementor-widget-container\">\n\t\t\t\t\t<h2 class=\"elementor-heading-title elementor-size-default\">DAVID ASHCRAFT<\/h2>\t\t\t\t<\/div>\n\t\t\t\t<\/div>\n\t\t\t\t<div class=\"elementor-element elementor-element-5aec024 elementor-widget elementor-widget-heading\" data-id=\"5aec024\" data-element_type=\"widget\" data-e-type=\"widget\" data-widget_type=\"heading.default\">\n\t\t\t\t<div class=\"elementor-widget-container\">\n\t\t\t\t\t<h2 class=\"elementor-heading-title elementor-size-default\">PRESIDENTE Y DIRECTOR GENERAL (CEO) de Global Leadership Network\n<\/h2>\t\t\t\t<\/div>\n\t\t\t\t<\/div>\n\t\t\t\t<div class=\"elementor-element elementor-element-43b9a11 elementor-widget elementor-widget-heading\" data-id=\"43b9a11\" data-element_type=\"widget\" data-e-type=\"widget\" data-widget_type=\"heading.default\">\n\t\t\t\t<div class=\"elementor-widget-container\">\n\t\t\t\t\t<h2 class=\"elementor-heading-title elementor-size-default\">David Ashcraft es el presidente y CEO de Global Leadership Network. Tambi\u00e9n es fundador\ny presidente de The Advantage, una colaboraci\u00f3n de liderazgo que asesora y anima a\npastores en Pensilvania. Durante 32 a\u00f1os fue pastor principal en la Iglesia LCBC (Lives\nChanged By Christ), donde ayud\u00f3 a que la asistencia semanal creciera de 150 personas a\nun promedio combinado de m\u00e1s de 22,000.<\/h2>\t\t\t\t<\/div>\n\t\t\t\t<\/div>\n\t\t\t\t<\/div>\n\t\t<div class=\"elementor-element elementor-element-5a574a8 e-con-full e-flex e-con e-child\" data-id=\"5a574a8\" data-element_type=\"container\" data-e-type=\"container\" data-settings=\"{&quot;background_background&quot;:&quot;classic&quot;}\">\n\t\t\t\t<div class=\"elementor-element elementor-element-bae3394 elementor-widget elementor-widget-image\" data-id=\"bae3394\" data-element_type=\"widget\" data-e-type=\"widget\" data-widget_type=\"image.default\">\n\t\t\t\t<div class=\"elementor-widget-container\">\n\t\t\t\t\t\t\t\t\t\t\t\t\t\t\t<img fetchpriority=\"high\" decoding=\"async\" width=\"768\" height=\"768\" src=\"https:\/\/lacumbreglobaldeliderazgo.org\/wp-content\/uploads\/2025\/08\/medium-GLS25_Headshot_David_Ashcraft_Black.jpg\" class=\"attachment-large size-large wp-image-1578\" alt=\"\" srcset=\"https:\/\/lacumbreglobaldeliderazgo.org\/wp-content\/uploads\/2025\/08\/medium-GLS25_Headshot_David_Ashcraft_Black.jpg 768w, https:\/\/lacumbreglobaldeliderazgo.org\/wp-content\/uploads\/2025\/08\/medium-GLS25_Headshot_David_Ashcraft_Black-300x300.jpg 300w, https:\/\/lacumbreglobaldeliderazgo.org\/wp-content\/uploads\/2025\/08\/medium-GLS25_Headshot_David_Ashcraft_Black-150x150.jpg 150w\" sizes=\"(max-width: 768px) 100vw, 768px\" \/>\t\t\t\t\t\t\t\t\t\t\t\t\t\t\t<\/div>\n\t\t\t\t<\/div>\n\t\t\t\t<\/div>\n\t\t\t\t\t<\/div>\n\t\t\t\t<\/div>\n\t\t<div class=\"elementor-element elementor-element-6f190ac elementor-hidden-desktop elementor-hidden-tablet e-flex e-con-boxed e-con e-parent\" data-id=\"6f190ac\" data-element_type=\"container\" data-e-type=\"container\">\n\t\t\t\t\t<div class=\"e-con-inner\">\n\t\t<div class=\"elementor-element elementor-element-222f448 e-con-full e-flex e-con e-child\" data-id=\"222f448\" data-element_type=\"container\" data-e-type=\"container\">\n\t\t\t\t<div class=\"elementor-element elementor-element-5f72cc2 elementor-widget elementor-widget-heading\" data-id=\"5f72cc2\" data-element_type=\"widget\" data-e-type=\"widget\" data-widget_type=\"heading.default\">\n\t\t\t\t<div class=\"elementor-widget-container\">\n\t\t\t\t\t<h2 class=\"elementor-heading-title elementor-size-default\">DAVID ASHCRAFT<\/h2>\t\t\t\t<\/div>\n\t\t\t\t<\/div>\n\t\t\t\t<div class=\"elementor-element elementor-element-150bbed elementor-widget elementor-widget-heading\" data-id=\"150bbed\" data-element_type=\"widget\" data-e-type=\"widget\" data-widget_type=\"heading.default\">\n\t\t\t\t<div class=\"elementor-widget-container\">\n\t\t\t\t\t<h2 class=\"elementor-heading-title elementor-size-default\">PRESIDENTE Y DIRECTOR GENERAL (CEO) de Global Leadership Network\n<\/h2>\t\t\t\t<\/div>\n\t\t\t\t<\/div>\n\t\t\t\t<div class=\"elementor-element elementor-element-e5f63f5 elementor-widget elementor-widget-heading\" data-id=\"e5f63f5\" data-element_type=\"widget\" data-e-type=\"widget\" data-widget_type=\"heading.default\">\n\t\t\t\t<div class=\"elementor-widget-container\">\n\t\t\t\t\t<h2 class=\"elementor-heading-title elementor-size-default\">David Ashcraft es el presidente y CEO de Global Leadership Network. Tambi\u00e9n es fundador\ny presidente de The Advantage, una colaboraci\u00f3n de liderazgo que asesora y anima a\npastores en Pensilvania. Durante 32 a\u00f1os fue pastor principal en la Iglesia LCBC (Lives\nChanged By Christ), donde ayud\u00f3 a que la asistencia semanal creciera de 150 personas a\nun promedio combinado de m\u00e1s de 22,000.<\/h2>\t\t\t\t<\/div>\n\t\t\t\t<\/div>\n\t\t\t\t<\/div>\n\t\t<div class=\"elementor-element elementor-element-cf9b6c7 e-con-full e-flex e-con e-child\" data-id=\"cf9b6c7\" data-element_type=\"container\" data-e-type=\"container\" data-settings=\"{&quot;background_background&quot;:&quot;classic&quot;}\">\n\t\t\t\t<div class=\"elementor-element elementor-element-ff1adfa elementor-widget elementor-widget-image\" data-id=\"ff1adfa\" data-element_type=\"widget\" data-e-type=\"widget\" data-widget_type=\"image.default\">\n\t\t\t\t<div class=\"elementor-widget-container\">\n\t\t\t\t\t\t\t\t\t\t\t\t\t\t\t<img fetchpriority=\"high\" decoding=\"async\" width=\"768\" height=\"768\" src=\"https:\/\/lacumbreglobaldeliderazgo.org\/wp-content\/uploads\/2025\/08\/medium-GLS25_Headshot_David_Ashcraft_Black.jpg\" class=\"attachment-large size-large wp-image-1578\" alt=\"\" srcset=\"https:\/\/lacumbreglobaldeliderazgo.org\/wp-content\/uploads\/2025\/08\/medium-GLS25_Headshot_David_Ashcraft_Black.jpg 768w, https:\/\/lacumbreglobaldeliderazgo.org\/wp-content\/uploads\/2025\/08\/medium-GLS25_Headshot_David_Ashcraft_Black-300x300.jpg 300w, https:\/\/lacumbreglobaldeliderazgo.org\/wp-content\/uploads\/2025\/08\/medium-GLS25_Headshot_David_Ashcraft_Black-150x150.jpg 150w\" sizes=\"(max-width: 768px) 100vw, 768px\" \/>\t\t\t\t\t\t\t\t\t\t\t\t\t\t\t<\/div>\n\t\t\t\t<\/div>\n\t\t\t\t<\/div>\n\t\t\t\t\t<\/div>\n\t\t\t\t<\/div>\n\t\t<div class=\"elementor-element elementor-element-bf180b6 elementor-hidden-tablet elementor-hidden-mobile e-flex e-con-boxed e-con e-parent\" data-id=\"bf180b6\" data-element_type=\"container\" data-e-type=\"container\" data-settings=\"{&quot;background_background&quot;:&quot;classic&quot;}\">\n\t\t\t\t\t<div class=\"e-con-inner\">\n\t\t\t\t<div class=\"elementor-element elementor-element-76a7ddd elementor-widget elementor-widget-heading\" data-id=\"76a7ddd\" data-element_type=\"widget\" data-e-type=\"widget\" data-widget_type=\"heading.default\">\n\t\t\t\t<div class=\"elementor-widget-container\">\n\t\t\t\t\t<h2 class=\"elementor-heading-title elementor-size-default\">LA CHARLA DE DAVID: <br>CAMBIA TU PREGUNTA<\/h2>\t\t\t\t<\/div>\n\t\t\t\t<\/div>\n\t\t\t\t<div class=\"elementor-element elementor-element-2ebc89c elementor-widget elementor-widget-heading\" data-id=\"2ebc89c\" data-element_type=\"widget\" data-e-type=\"widget\" data-widget_type=\"heading.default\">\n\t\t\t\t<div class=\"elementor-widget-container\">\n\t\t\t\t\t<h2 class=\"elementor-heading-title elementor-size-default\">En el liderazgo, es f\u00e1cil caer en la trampa de la comparaci\u00f3n \u2014 midi\u00e9ndonos contra otros y creyendo que\ntenemos que liderar como ellos para lograr un impacto real. Con el tiempo, esa mentalidad no inspira.\nNos desgasta, dej\u00e1ndonos desanimados, distra\u00eddos y dudando de nuestro valor. David Ashcraft aporta\nd\u00e9cadas de experiencia en liderazgo del mundo real a esta perspectiva refrescante y liberadora: la\nverdadera influencia no se trata de imitaci\u00f3n, se trata de contribuci\u00f3n. En esta charla, cambia de preguntar\n\u201c\u00bfSoy suficiente?\u201d a hacer una mejor pregunta \u2014 una que lo cambia todo. Saldr\u00e1s motivado a abrazar tus\nfortalezas \u00fanicas y equipado para liderar de una manera que genere beneficio a cada vida que toques.\n<\/h2>\t\t\t\t<\/div>\n\t\t\t\t<\/div>\n\t\t\t\t\t<\/div>\n\t\t\t\t<\/div>\n\t\t<div class=\"elementor-element elementor-element-c1e1aa0 elementor-hidden-desktop elementor-hidden-tablet e-flex e-con-boxed e-con e-parent\" data-id=\"c1e1aa0\" data-element_type=\"container\" data-e-type=\"container\" data-settings=\"{&quot;background_background&quot;:&quot;classic&quot;}\">\n\t\t\t\t\t<div class=\"e-con-inner\">\n\t\t\t\t<div class=\"elementor-element elementor-element-8f643eb elementor-widget elementor-widget-heading\" data-id=\"8f643eb\" data-element_type=\"widget\" data-e-type=\"widget\" data-widget_type=\"heading.default\">\n\t\t\t\t<div class=\"elementor-widget-container\">\n\t\t\t\t\t<h2 class=\"elementor-heading-title elementor-size-default\">LA CHARLA DE DAVID: <br>CAMBIA TU PREGUNTA<\/h2>\t\t\t\t<\/div>\n\t\t\t\t<\/div>\n\t\t\t\t<div class=\"elementor-element elementor-element-3a8158e elementor-widget elementor-widget-heading\" data-id=\"3a8158e\" data-element_type=\"widget\" data-e-type=\"widget\" data-widget_type=\"heading.default\">\n\t\t\t\t<div class=\"elementor-widget-container\">\n\t\t\t\t\t<h2 class=\"elementor-heading-title elementor-size-default\">En el liderazgo, es f\u00e1cil caer en la trampa de la comparaci\u00f3n \u2014 midi\u00e9ndonos contra otros y creyendo que\ntenemos que liderar como ellos para lograr un impacto real. Con el tiempo, esa mentalidad no inspira.\nNos desgasta, dej\u00e1ndonos desanimados, distra\u00eddos y dudando de nuestro valor. David Ashcraft aporta\nd\u00e9cadas de experiencia en liderazgo del mundo real a esta perspectiva refrescante y liberadora: la\nverdadera influencia no se trata de imitaci\u00f3n, se trata de contribuci\u00f3n. En esta charla, cambia de preguntar\n\u201c\u00bfSoy suficiente?\u201d a hacer una mejor pregunta \u2014 una que lo cambia todo. Saldr\u00e1s motivado a abrazar tus\nfortalezas \u00fanicas y equipado para liderar de una manera que genere beneficio a cada vida que toques.\n<\/h2>\t\t\t\t<\/div>\n\t\t\t\t<\/div>\n\t\t\t\t\t<\/div>\n\t\t\t\t<\/div>\n\t\t<div class=\"elementor-element elementor-element-f28b7c9 e-flex e-con-boxed e-con e-parent\" data-id=\"f28b7c9\" data-element_type=\"container\" data-e-type=\"container\">\n\t\t\t\t\t<div class=\"e-con-inner\">\n\t\t\t\t<div class=\"elementor-element elementor-element-768f523 elementor-align-center elementor-invisible elementor-widget elementor-widget-button\" data-id=\"768f523\" data-element_type=\"widget\" data-e-type=\"widget\" data-settings=\"{&quot;_animation&quot;:&quot;slideInUp&quot;}\" data-widget_type=\"button.default\">\n\t\t\t\t<div class=\"elementor-widget-container\">\n\t\t\t\t\t\t\t\t\t<div class=\"elementor-button-wrapper\">\n\t\t\t\t\t<a class=\"elementor-button elementor-button-link elementor-size-sm\" href=\"https:\/\/lacumbreglobaldeliderazgo.org\/?page_id=616\">\n\t\t\t\t\t\t<span class=\"elementor-button-content-wrapper\">\n\t\t\t\t\t\t\t\t\t<span class=\"elementor-button-text\">Volver oradores<\/span>\n\t\t\t\t\t<\/span>\n\t\t\t\t\t<\/a>\n\t\t\t\t<\/div>\n\t\t\t\t\t\t\t\t<\/div>\n\t\t\t\t<\/div>\n\t\t\t\t\t<\/div>\n\t\t\t\t<\/div>\n\t\t\t\t<\/div>\n\t\t","protected":false},"excerpt":{"rendered":"<p>DAVID ASHCRAFT PRESIDENTE Y DIRECTOR GENERAL (CEO) de Global Leadership Network David Ashcraft es el presidente y CEO de Global Leadership Network. Tambi\u00e9n es fundador y presidente de The Advantage, una colaboraci\u00f3n de liderazgo que asesora y anima a pastores en Pensilvania. Durante 32 a\u00f1os fue pastor principal en la Iglesia LCBC (Lives Changed By [&hellip;]<\/p>\n","protected":false},"author":1,"featured_media":0,"parent":0,"menu_order":0,"comment_status":"closed","ping_status":"closed","template":"elementor_header_footer","meta":{"om_disable_all_campaigns":false,"_monsterinsights_skip_tracking":false,"_monsterinsights_sitenote_active":false,"_monsterinsights_sitenote_note":"","_monsterinsights_sitenote_category":0,"footnotes":""},"class_list":["post-1582","page","type-page","status-publish","hentry"],"aioseo_notices":[],"_links":{"self":[{"href":"https:\/\/lacumbreglobaldeliderazgo.org\/index.php?rest_route=\/wp\/v2\/pages\/1582","targetHints":{"allow":["GET"]}}],"collection":[{"href":"https:\/\/lacumbreglobaldeliderazgo.org\/index.php?rest_route=\/wp\/v2\/pages"}],"about":[{"href":"https:\/\/lacumbreglobaldeliderazgo.org\/index.php?rest_route=\/wp\/v2\/types\/page"}],"author":[{"embeddable":true,"href":"https:\/\/lacumbreglobaldeliderazgo.org\/index.php?rest_route=\/wp\/v2\/users\/1"}],"replies":[{"embeddable":true,"href":"https:\/\/lacumbreglobaldeliderazgo.org\/index.php?rest_route=%2Fwp%2Fv2%2Fcomments&post=1582"}],"version-history":[{"count":7,"href":"https:\/\/lacumbreglobaldeliderazgo.org\/index.php?rest_route=\/wp\/v2\/pages\/1582\/revisions"}],"predecessor-version":[{"id":1741,"href":"https:\/\/lacumbreglobaldeliderazgo.org\/index.php?rest_route=\/wp\/v2\/pages\/1582\/revisions\/1741"}],"wp:attachment":[{"href":"https:\/\/lacumbreglobaldeliderazgo.org\/index.php?rest_route=%2Fwp%2Fv2%2Fmedia&parent=1582"}],"curies":[{"name":"wp","href":"https:\/\/api.w.org\/{rel}","templated":true}]}}