{"id":1595,"date":"2025-08-21T16:40:05","date_gmt":"2025-08-21T16:40:05","guid":{"rendered":"https:\/\/lacumbreglobaldeliderazgo.org\/?page_id=1595"},"modified":"2025-08-21T18:57:25","modified_gmt":"2025-08-21T18:57:25","slug":"khalil-halaseh","status":"publish","type":"page","link":"https:\/\/lacumbreglobaldeliderazgo.org\/?page_id=1595","title":{"rendered":"KHALIL HALASEH"},"content":{"rendered":"\t\t<div data-elementor-type=\"wp-page\" data-elementor-id=\"1595\" class=\"elementor elementor-1595\">\n\t\t\t\t<div class=\"elementor-element elementor-element-327c3f7 elementor-hidden-tablet elementor-hidden-mobile e-flex e-con-boxed e-con e-parent\" data-id=\"327c3f7\" data-element_type=\"container\" data-e-type=\"container\">\n\t\t\t\t\t<div class=\"e-con-inner\">\n\t\t<div class=\"elementor-element elementor-element-50dd549 e-con-full e-flex e-con e-child\" data-id=\"50dd549\" data-element_type=\"container\" data-e-type=\"container\">\n\t\t\t\t<div class=\"elementor-element elementor-element-79c3e63 elementor-widget elementor-widget-heading\" data-id=\"79c3e63\" data-element_type=\"widget\" data-e-type=\"widget\" data-widget_type=\"heading.default\">\n\t\t\t\t<div class=\"elementor-widget-container\">\n\t\t\t\t\t<h2 class=\"elementor-heading-title elementor-size-default\">KHALIL HALASEH<\/h2>\t\t\t\t<\/div>\n\t\t\t\t<\/div>\n\t\t\t\t<div class=\"elementor-element elementor-element-8871cf4 elementor-widget elementor-widget-heading\" data-id=\"8871cf4\" data-element_type=\"widget\" data-e-type=\"widget\" data-widget_type=\"heading.default\">\n\t\t\t\t<div class=\"elementor-widget-container\">\n\t\t\t\t\t<h2 class=\"elementor-heading-title elementor-size-default\">PASTOR, EDUCADOR, COORDINADOR ESTRAT\u00c9GICO, Iglesia del Nazareno\n(Oriente Medio)<\/h2>\t\t\t\t<\/div>\n\t\t\t\t<\/div>\n\t\t\t\t<div class=\"elementor-element elementor-element-d43e5e4 elementor-widget elementor-widget-heading\" data-id=\"d43e5e4\" data-element_type=\"widget\" data-e-type=\"widget\" data-widget_type=\"heading.default\">\n\t\t\t\t<div class=\"elementor-widget-container\">\n\t\t\t\t\t<h2 class=\"elementor-heading-title elementor-size-default\">Khalil Halaseh es un l\u00edder, mentor y constructor de comunidades comprometido, con una\ngran pasi\u00f3n por empoderar a la pr\u00f3xima generaci\u00f3n. En su adolescencia estuvo en un\ncamino complicado, pero su vida fue transformada y lo llev\u00f3 a convertirse en pastor a una\nedad temprana. Desde 1995, ha hecho crecer una iglesia vibrante que sirve a comunidades diversas, incluyendo a\ncientos de refugiados. Como Coordinador de Estrategia de Campo de la Iglesia del Nazareno en Oriente Medio, se\nenfoca en el desarrollo de liderazgo, mentorea a j\u00f3venes l\u00edderes en pa\u00edses de habla \u00e1rabe y construye redes que\nimpulsan la colaboraci\u00f3n. A trav\u00e9s de formaci\u00f3n presencial y una plataforma en l\u00ednea con m\u00e1s de 400 estudiantes\nde 19 pa\u00edses, se dedica a equipar a los futuros l\u00edderes con las habilidades y la visi\u00f3n necesarias para servir de forma\nefectiva a sus comunidades.\n<\/h2>\t\t\t\t<\/div>\n\t\t\t\t<\/div>\n\t\t\t\t<\/div>\n\t\t<div class=\"elementor-element elementor-element-0b3514a e-con-full e-flex e-con e-child\" data-id=\"0b3514a\" data-element_type=\"container\" data-e-type=\"container\" data-settings=\"{&quot;background_background&quot;:&quot;classic&quot;}\">\n\t\t\t\t<div class=\"elementor-element elementor-element-4a00fb2 elementor-widget elementor-widget-image\" data-id=\"4a00fb2\" data-element_type=\"widget\" data-e-type=\"widget\" data-widget_type=\"image.default\">\n\t\t\t\t<div class=\"elementor-widget-container\">\n\t\t\t\t\t\t\t\t\t\t\t\t\t\t\t<img fetchpriority=\"high\" decoding=\"async\" width=\"800\" height=\"801\" src=\"https:\/\/lacumbreglobaldeliderazgo.org\/wp-content\/uploads\/2025\/08\/KHALIL-HALASEH.jpg\" class=\"attachment-large size-large wp-image-1591\" alt=\"\" srcset=\"https:\/\/lacumbreglobaldeliderazgo.org\/wp-content\/uploads\/2025\/08\/KHALIL-HALASEH.jpg 1022w, https:\/\/lacumbreglobaldeliderazgo.org\/wp-content\/uploads\/2025\/08\/KHALIL-HALASEH-300x300.jpg 300w, https:\/\/lacumbreglobaldeliderazgo.org\/wp-content\/uploads\/2025\/08\/KHALIL-HALASEH-150x150.jpg 150w, https:\/\/lacumbreglobaldeliderazgo.org\/wp-content\/uploads\/2025\/08\/KHALIL-HALASEH-768x769.jpg 768w\" sizes=\"(max-width: 800px) 100vw, 800px\" \/>\t\t\t\t\t\t\t\t\t\t\t\t\t\t\t<\/div>\n\t\t\t\t<\/div>\n\t\t\t\t<\/div>\n\t\t\t\t\t<\/div>\n\t\t\t\t<\/div>\n\t\t<div class=\"elementor-element elementor-element-a18b297 elementor-hidden-desktop elementor-hidden-tablet e-flex e-con-boxed e-con e-parent\" data-id=\"a18b297\" data-element_type=\"container\" data-e-type=\"container\">\n\t\t\t\t\t<div class=\"e-con-inner\">\n\t\t<div class=\"elementor-element elementor-element-4fe7d4a e-con-full e-flex e-con e-child\" data-id=\"4fe7d4a\" data-element_type=\"container\" data-e-type=\"container\">\n\t\t\t\t<div class=\"elementor-element elementor-element-a47e8e9 elementor-widget elementor-widget-heading\" data-id=\"a47e8e9\" data-element_type=\"widget\" data-e-type=\"widget\" data-widget_type=\"heading.default\">\n\t\t\t\t<div class=\"elementor-widget-container\">\n\t\t\t\t\t<h2 class=\"elementor-heading-title elementor-size-default\">KHALIL HALASEH<\/h2>\t\t\t\t<\/div>\n\t\t\t\t<\/div>\n\t\t\t\t<div class=\"elementor-element elementor-element-43b84b5 elementor-widget elementor-widget-heading\" data-id=\"43b84b5\" data-element_type=\"widget\" data-e-type=\"widget\" data-widget_type=\"heading.default\">\n\t\t\t\t<div class=\"elementor-widget-container\">\n\t\t\t\t\t<h2 class=\"elementor-heading-title elementor-size-default\">PASTOR, EDUCADOR, COORDINADOR ESTRAT\u00c9GICO, Iglesia del Nazareno\n(Oriente Medio)<\/h2>\t\t\t\t<\/div>\n\t\t\t\t<\/div>\n\t\t\t\t<div class=\"elementor-element elementor-element-c604d24 elementor-widget elementor-widget-heading\" data-id=\"c604d24\" data-element_type=\"widget\" data-e-type=\"widget\" data-widget_type=\"heading.default\">\n\t\t\t\t<div class=\"elementor-widget-container\">\n\t\t\t\t\t<h2 class=\"elementor-heading-title elementor-size-default\">Khalil Halaseh es un l\u00edder, mentor y constructor de comunidades comprometido, con una\ngran pasi\u00f3n por empoderar a la pr\u00f3xima generaci\u00f3n. En su adolescencia estuvo en un\ncamino complicado, pero su vida fue transformada y lo llev\u00f3 a convertirse en pastor a una\nedad temprana. Desde 1995, ha hecho crecer una iglesia vibrante que sirve a comunidades diversas, incluyendo a\ncientos de refugiados. Como Coordinador de Estrategia de Campo de la Iglesia del Nazareno en Oriente Medio, se\nenfoca en el desarrollo de liderazgo, mentorea a j\u00f3venes l\u00edderes en pa\u00edses de habla \u00e1rabe y construye redes que\nimpulsan la colaboraci\u00f3n. A trav\u00e9s de formaci\u00f3n presencial y una plataforma en l\u00ednea con m\u00e1s de 400 estudiantes\nde 19 pa\u00edses, se dedica a equipar a los futuros l\u00edderes con las habilidades y la visi\u00f3n necesarias para servir de forma\nefectiva a sus comunidades.\n<\/h2>\t\t\t\t<\/div>\n\t\t\t\t<\/div>\n\t\t\t\t<\/div>\n\t\t<div class=\"elementor-element elementor-element-a36dfe4 e-con-full e-flex e-con e-child\" data-id=\"a36dfe4\" data-element_type=\"container\" data-e-type=\"container\" data-settings=\"{&quot;background_background&quot;:&quot;classic&quot;}\">\n\t\t\t\t<div class=\"elementor-element elementor-element-6433040 elementor-widget elementor-widget-image\" data-id=\"6433040\" data-element_type=\"widget\" data-e-type=\"widget\" data-widget_type=\"image.default\">\n\t\t\t\t<div class=\"elementor-widget-container\">\n\t\t\t\t\t\t\t\t\t\t\t\t\t\t\t<img fetchpriority=\"high\" decoding=\"async\" width=\"800\" height=\"801\" src=\"https:\/\/lacumbreglobaldeliderazgo.org\/wp-content\/uploads\/2025\/08\/KHALIL-HALASEH.jpg\" class=\"attachment-large size-large wp-image-1591\" alt=\"\" srcset=\"https:\/\/lacumbreglobaldeliderazgo.org\/wp-content\/uploads\/2025\/08\/KHALIL-HALASEH.jpg 1022w, https:\/\/lacumbreglobaldeliderazgo.org\/wp-content\/uploads\/2025\/08\/KHALIL-HALASEH-300x300.jpg 300w, https:\/\/lacumbreglobaldeliderazgo.org\/wp-content\/uploads\/2025\/08\/KHALIL-HALASEH-150x150.jpg 150w, https:\/\/lacumbreglobaldeliderazgo.org\/wp-content\/uploads\/2025\/08\/KHALIL-HALASEH-768x769.jpg 768w\" sizes=\"(max-width: 800px) 100vw, 800px\" \/>\t\t\t\t\t\t\t\t\t\t\t\t\t\t\t<\/div>\n\t\t\t\t<\/div>\n\t\t\t\t<\/div>\n\t\t\t\t\t<\/div>\n\t\t\t\t<\/div>\n\t\t<div class=\"elementor-element elementor-element-77209d2 elementor-hidden-tablet elementor-hidden-mobile e-flex e-con-boxed e-con e-parent\" data-id=\"77209d2\" data-element_type=\"container\" data-e-type=\"container\" data-settings=\"{&quot;background_background&quot;:&quot;classic&quot;}\">\n\t\t\t\t\t<div class=\"e-con-inner\">\n\t\t\t\t<div class=\"elementor-element elementor-element-afe2679 elementor-widget elementor-widget-heading\" data-id=\"afe2679\" data-element_type=\"widget\" data-e-type=\"widget\" data-widget_type=\"heading.default\">\n\t\t\t\t<div class=\"elementor-widget-container\">\n\t\t\t\t\t<h2 class=\"elementor-heading-title elementor-size-default\">LA CHARLA DE KHALIL: <br>OPORTUNIDAD SOBRE OBST\u00c1CULO: LIDERANDO CON VISI\u00d3N Y VALENT\u00cdA<\/h2>\t\t\t\t<\/div>\n\t\t\t\t<\/div>\n\t\t\t\t<div class=\"elementor-element elementor-element-c2475a3 elementor-widget elementor-widget-heading\" data-id=\"c2475a3\" data-element_type=\"widget\" data-e-type=\"widget\" data-widget_type=\"heading.default\">\n\t\t\t\t<div class=\"elementor-widget-container\">\n\t\t\t\t\t<h2 class=\"elementor-heading-title elementor-size-default\">El liderazgo siempre requiere valent\u00eda \u2014 pero no del tipo ruidoso. Es la valent\u00eda de ver lo que otros no\nven, invertir cuando es m\u00e1s f\u00e1cil retirarse y atravesar puertas que nadie m\u00e1s nota. Esta charla despertar\u00e1\naudacia en tu liderazgo y una visi\u00f3n renovada de lo que es posible.<\/h2>\t\t\t\t<\/div>\n\t\t\t\t<\/div>\n\t\t\t\t\t<\/div>\n\t\t\t\t<\/div>\n\t\t<div class=\"elementor-element elementor-element-9ababfd elementor-hidden-desktop elementor-hidden-tablet e-flex e-con-boxed e-con e-parent\" data-id=\"9ababfd\" data-element_type=\"container\" data-e-type=\"container\" data-settings=\"{&quot;background_background&quot;:&quot;classic&quot;}\">\n\t\t\t\t\t<div class=\"e-con-inner\">\n\t\t\t\t<div class=\"elementor-element elementor-element-07c59e9 elementor-widget elementor-widget-heading\" data-id=\"07c59e9\" data-element_type=\"widget\" data-e-type=\"widget\" data-widget_type=\"heading.default\">\n\t\t\t\t<div class=\"elementor-widget-container\">\n\t\t\t\t\t<h2 class=\"elementor-heading-title elementor-size-default\">LA CHARLA DE KHALIL: <br>OPORTUNIDAD SOBRE OBST\u00c1CULO: LIDERANDO CON VISI\u00d3N Y VALENT\u00cdA<\/h2>\t\t\t\t<\/div>\n\t\t\t\t<\/div>\n\t\t\t\t<div class=\"elementor-element elementor-element-84a0f63 elementor-widget elementor-widget-heading\" data-id=\"84a0f63\" data-element_type=\"widget\" data-e-type=\"widget\" data-widget_type=\"heading.default\">\n\t\t\t\t<div class=\"elementor-widget-container\">\n\t\t\t\t\t<h2 class=\"elementor-heading-title elementor-size-default\">El liderazgo siempre requiere valent\u00eda \u2014 pero no del tipo ruidoso. Es la valent\u00eda de ver lo que otros no\nven, invertir cuando es m\u00e1s f\u00e1cil retirarse y atravesar puertas que nadie m\u00e1s nota. Esta charla despertar\u00e1\naudacia en tu liderazgo y una visi\u00f3n renovada de lo que es posible.<\/h2>\t\t\t\t<\/div>\n\t\t\t\t<\/div>\n\t\t\t\t\t<\/div>\n\t\t\t\t<\/div>\n\t\t<div class=\"elementor-element elementor-element-74e3076 e-flex e-con-boxed e-con e-parent\" data-id=\"74e3076\" data-element_type=\"container\" data-e-type=\"container\">\n\t\t\t\t\t<div class=\"e-con-inner\">\n\t\t\t\t<div class=\"elementor-element elementor-element-edc1d1a elementor-align-center elementor-invisible elementor-widget elementor-widget-button\" data-id=\"edc1d1a\" data-element_type=\"widget\" data-e-type=\"widget\" data-settings=\"{&quot;_animation&quot;:&quot;slideInUp&quot;}\" data-widget_type=\"button.default\">\n\t\t\t\t<div class=\"elementor-widget-container\">\n\t\t\t\t\t\t\t\t\t<div class=\"elementor-button-wrapper\">\n\t\t\t\t\t<a class=\"elementor-button elementor-button-link elementor-size-sm\" href=\"https:\/\/lacumbreglobaldeliderazgo.org\/?page_id=616\">\n\t\t\t\t\t\t<span class=\"elementor-button-content-wrapper\">\n\t\t\t\t\t\t\t\t\t<span class=\"elementor-button-text\">Volver oradores<\/span>\n\t\t\t\t\t<\/span>\n\t\t\t\t\t<\/a>\n\t\t\t\t<\/div>\n\t\t\t\t\t\t\t\t<\/div>\n\t\t\t\t<\/div>\n\t\t\t\t\t<\/div>\n\t\t\t\t<\/div>\n\t\t\t\t<\/div>\n\t\t","protected":false},"excerpt":{"rendered":"<p>KHALIL HALASEH PASTOR, EDUCADOR, COORDINADOR ESTRAT\u00c9GICO, Iglesia del Nazareno (Oriente Medio) Khalil Halaseh es un l\u00edder, mentor y constructor de comunidades comprometido, con una gran pasi\u00f3n por empoderar a la pr\u00f3xima generaci\u00f3n. En su adolescencia estuvo en un camino complicado, pero su vida fue transformada y lo llev\u00f3 a convertirse en pastor a una edad [&hellip;]<\/p>\n","protected":false},"author":1,"featured_media":0,"parent":0,"menu_order":0,"comment_status":"closed","ping_status":"closed","template":"elementor_header_footer","meta":{"om_disable_all_campaigns":false,"_monsterinsights_skip_tracking":false,"_monsterinsights_sitenote_active":false,"_monsterinsights_sitenote_note":"","_monsterinsights_sitenote_category":0,"footnotes":""},"class_list":["post-1595","page","type-page","status-publish","hentry"],"aioseo_notices":[],"_links":{"self":[{"href":"https:\/\/lacumbreglobaldeliderazgo.org\/index.php?rest_route=\/wp\/v2\/pages\/1595","targetHints":{"allow":["GET"]}}],"collection":[{"href":"https:\/\/lacumbreglobaldeliderazgo.org\/index.php?rest_route=\/wp\/v2\/pages"}],"about":[{"href":"https:\/\/lacumbreglobaldeliderazgo.org\/index.php?rest_route=\/wp\/v2\/types\/page"}],"author":[{"embeddable":true,"href":"https:\/\/lacumbreglobaldeliderazgo.org\/index.php?rest_route=\/wp\/v2\/users\/1"}],"replies":[{"embeddable":true,"href":"https:\/\/lacumbreglobaldeliderazgo.org\/index.php?rest_route=%2Fwp%2Fv2%2Fcomments&post=1595"}],"version-history":[{"count":10,"href":"https:\/\/lacumbreglobaldeliderazgo.org\/index.php?rest_route=\/wp\/v2\/pages\/1595\/revisions"}],"predecessor-version":[{"id":1744,"href":"https:\/\/lacumbreglobaldeliderazgo.org\/index.php?rest_route=\/wp\/v2\/pages\/1595\/revisions\/1744"}],"wp:attachment":[{"href":"https:\/\/lacumbreglobaldeliderazgo.org\/index.php?rest_route=%2Fwp%2Fv2%2Fmedia&parent=1595"}],"curies":[{"name":"wp","href":"https:\/\/api.w.org\/{rel}","templated":true}]}}